{"id":95,"date":"2018-08-14T12:17:21","date_gmt":"2018-08-14T12:17:21","guid":{"rendered":"https:\/\/coalicionlaica.org.ar\/cael\/?page_id=95"},"modified":"2018-08-15T15:17:37","modified_gmt":"2018-08-15T15:17:37","slug":"contactos-de-prensa","status":"publish","type":"page","link":"https:\/\/coalicionlaica.org.ar\/cael\/contactos-de-prensa\/","title":{"rendered":"Contactos de prensa"},"content":{"rendered":"\n<p>Si ten\u00e9s consultas sobre nuestra organizaci\u00f3n o actividades, pod\u00e9s comunicarte con nosotrxs:<\/p>\n\n\n\n<p>Anal\u00eda Mas:\u00a0<a href=\"https:\/\/hangouts.google.com\/?action=chat&amp;pn=%2B541144255928&amp;hl=en&amp;authuser=0\" target=\"_blank\" rel=\"noreferrer noopener\">11-442-559-28<\/a><\/p>\n\n\n\n<p>Fernando Lozada:\u00a0<a href=\"https:\/\/hangouts.google.com\/?action=chat&amp;pn=%2B542236824725&amp;hl=en&amp;authuser=0\" target=\"_blank\" rel=\"noreferrer noopener\">+542236824725<\/a><\/p>\n\n\n\n<p>C\u00e9sar Rosenstein: 15 5639 1172<\/p>\n\n\n\n<p>Lin Pao Raffetta:\u00a0<a href=\"https:\/\/hangouts.google.com\/?action=chat&amp;pn=%2B541157800259&amp;hl=en&amp;authuser=0\" target=\"_blank\" rel=\"noreferrer noopener\">11-578-002-59<\/a><\/p>\n\n\n\n<p><\/p>\n","protected":false},"excerpt":{"rendered":"<p>Si ten\u00e9s consultas sobre nuestra organizaci\u00f3n o actividades, pod\u00e9s comunicarte con nosotrxs: Anal\u00eda Mas:\u00a011-442-559-28 Fernando Lozada:\u00a0+542236824725 C\u00e9sar Rosenstein: 15 5639 1172 Lin Pao Raffetta:\u00a011-578-002-59<\/p>\n","protected":false},"author":1,"featured_media":0,"parent":0,"menu_order":0,"comment_status":"closed","ping_status":"closed","template":"","meta":{"footnotes":""},"class_list":["post-95","page","type-page","status-publish","hentry"],"_links":{"self":[{"href":"https:\/\/coalicionlaica.org.ar\/cael\/wp-json\/wp\/v2\/pages\/95","targetHints":{"allow":["GET"]}}],"collection":[{"href":"https:\/\/coalicionlaica.org.ar\/cael\/wp-json\/wp\/v2\/pages"}],"about":[{"href":"https:\/\/coalicionlaica.org.ar\/cael\/wp-json\/wp\/v2\/types\/page"}],"author":[{"embeddable":true,"href":"https:\/\/coalicionlaica.org.ar\/cael\/wp-json\/wp\/v2\/users\/1"}],"replies":[{"embeddable":true,"href":"https:\/\/coalicionlaica.org.ar\/cael\/wp-json\/wp\/v2\/comments?post=95"}],"version-history":[{"count":7,"href":"https:\/\/coalicionlaica.org.ar\/cael\/wp-json\/wp\/v2\/pages\/95\/revisions"}],"predecessor-version":[{"id":113,"href":"https:\/\/coalicionlaica.org.ar\/cael\/wp-json\/wp\/v2\/pages\/95\/revisions\/113"}],"wp:attachment":[{"href":"https:\/\/coalicionlaica.org.ar\/cael\/wp-json\/wp\/v2\/media?parent=95"}],"curies":[{"name":"wp","href":"https:\/\/api.w.org\/{rel}","templated":true}]}}