{"id":8,"date":"2018-08-13T03:36:52","date_gmt":"2018-08-13T03:36:52","guid":{"rendered":"https:\/\/coalicionlaica.org.ar\/cael\/?page_id=8"},"modified":"2020-12-14T21:26:54","modified_gmt":"2020-12-14T21:26:54","slug":"about","status":"publish","type":"page","link":"https:\/\/coalicionlaica.org.ar\/cael\/about\/","title":{"rendered":"La Coalici\u00f3n"},"content":{"rendered":"<p>La <strong>Coalici\u00f3n Argentina por un Estado Laico<\/strong> (CAEL) es un conglomerado de organizaciones y personas con un objetivo com\u00fan. Luchar por un Estado laico en Argentina. El <strong>Estado laico<\/strong> supone la autonom\u00eda de lo pol\u00edtico ante lo religioso, que el poder civil no se recueste en s\u00edmbolos y poderes religiosos para obtener legitimidad. Y m\u00e1s que eso, una cultura ciudadana y pol\u00edtica que garantice la libertad de conciencia, la no discriminaci\u00f3n y que ampl\u00ede derechos.<\/p>\n<h4><\/h4>\n<h4>CAEL est\u00e1 integrada por:<\/h4>\n<p><span class=\"_3oh- _58nk\"><a href=\"https:\/\/www.facebook.com\/ateosmardelplata\/\" target=\"_blank\" rel=\"noopener\">Ateos y Ateas de Mar del Plata<\/a>, la <\/span><a href=\"http:\/\/www.falgbt.org\/\">Federaci\u00f3n Argentina Lesbianas, Gays, Bisexuales y Trans (<\/a><span class=\"_3oh- _58nk\"><a href=\"http:\/\/www.lgbt.org.ar\" target=\"_blank\" rel=\"noopener\">FALGBT)<\/a>, <a href=\"http:\/\/www.apostasia.com.ar\" target=\"_blank\" rel=\"noopener\">Apostas\u00eda Colectiva \u00abNo en mi Nombre\u00bb<\/a>, la <a href=\"https:\/\/www.facebook.com\/Campa%C3%B1a-Feminista-por-el-Estado-Laico-820508094795213\/\" target=\"_blank\" rel=\"noopener\">Campa\u00f1a Feminista por un Estado Laico,<\/a> las <a href=\"http:\/\/catolicas.org.ar\/\" target=\"_blank\" rel=\"noopener\">Cat\u00f3licas por el Derecho a Decidir,<\/a> Autoconvocadxs (<a href=\"cesarrosenstein@gmail.com\" target=\"_blank\" rel=\"noopener\">C\u00e9sar Rosenstein<\/a>, <a href=\"http:\/\/www.dianamaffia.com.ar\/\" target=\"_blank\" rel=\"noopener\">Diana Maff\u00eda<\/a>, Marcela Brusa y Mar\u00eda Jos\u00e9 Lubertino), <a href=\"https:\/\/entrerioslaica.wordpress.com\/\" target=\"_blank\" rel=\"noopener\">Entre R\u00edos Laica<\/a>,\u00a0 <a href=\"https:\/\/www.facebook.com\/La-Colectiva-C%C3%B3rdoba-668400649953774\/?hc_ref=ARSb-qMCMGJehYkigoN0AksJh11l1MR4jNSzOW9GE88KV6PIj2xwnHVYIDS7KkfOg70&amp;fref=nf\" target=\"_blank\" rel=\"noopener\">La Colectiva<\/a><\/span> y la <a href=\"https:\/\/twitter.com\/mesaigualdadnqn\" target=\"_blank\" rel=\"noopener\">Mesa por la Igualdad de Neuqu\u00e9n<\/a><\/p>\n<div class=\"_aok\" tabindex=\"0\" aria-label=\"tambi\u00e9n podemos decir que CAEL integra la Asociaci\u00f3n Internacional de Librepensamiento, la cual est\u00e1 en los cinco continentes y es reconocida por la ONU y la OIT\"><span class=\"_3oh- _58nk\">CAEL es organizaci\u00f3n miembro de la <a href=\"http:\/\/www.internationalfreethought.org\/spip.php?rubrique10\">Asociaci\u00f3n Internacional de Librepensamiento<\/a>, con presencia en los cinco continentes y reconocida por la ONU y la OIT<\/span><\/div>\n<h4 align=\"center\">Sumate a nuestro <a href=\"http:\/\/www.facebook.com\/estadolaico\">Facebook.com\/estadolaico<\/a><\/h4>\n<hr \/>\n<h4 align=\"center\"><\/h4>\n<pre>[webmaster@coalicionlaica.org.ar]\n\n[<a title=\"Reseller Linux CPanel\" href=\"http:\/\/www.hosting-hosting.com.ar\/\" target=\"_blank\" rel=\"noopener\">Hosting<\/a> by <a title=\"Webmaster SEO\" href=\"http:\/\/www.s4k.biz\/\" target=\"_blank\" rel=\"noopener\">SSaez<\/a>]<\/pre>\n","protected":false},"excerpt":{"rendered":"<p>La Coalici\u00f3n Argentina por un Estado Laico (CAEL) es un conglomerado de organizaciones y personas con un objetivo com\u00fan. Luchar por un Estado laico en Argentina. El Estado laico supone la autonom\u00eda de lo pol\u00edtico ante lo religioso, que el poder civil no se recueste en s\u00edmbolos y poderes religiosos para obtener legitimidad. Y m\u00e1s &hellip; <a href=\"https:\/\/coalicionlaica.org.ar\/cael\/about\/\" class=\"more-link\">Sigue leyendo <span class=\"screen-reader-text\">La Coalici\u00f3n<\/span><\/a><\/p>\n","protected":false},"author":1,"featured_media":0,"parent":0,"menu_order":0,"comment_status":"closed","ping_status":"closed","template":"","meta":{"footnotes":""},"class_list":["post-8","page","type-page","status-publish","hentry"],"_links":{"self":[{"href":"https:\/\/coalicionlaica.org.ar\/cael\/wp-json\/wp\/v2\/pages\/8","targetHints":{"allow":["GET"]}}],"collection":[{"href":"https:\/\/coalicionlaica.org.ar\/cael\/wp-json\/wp\/v2\/pages"}],"about":[{"href":"https:\/\/coalicionlaica.org.ar\/cael\/wp-json\/wp\/v2\/types\/page"}],"author":[{"embeddable":true,"href":"https:\/\/coalicionlaica.org.ar\/cael\/wp-json\/wp\/v2\/users\/1"}],"replies":[{"embeddable":true,"href":"https:\/\/coalicionlaica.org.ar\/cael\/wp-json\/wp\/v2\/comments?post=8"}],"version-history":[{"count":21,"href":"https:\/\/coalicionlaica.org.ar\/cael\/wp-json\/wp\/v2\/pages\/8\/revisions"}],"predecessor-version":[{"id":213,"href":"https:\/\/coalicionlaica.org.ar\/cael\/wp-json\/wp\/v2\/pages\/8\/revisions\/213"}],"wp:attachment":[{"href":"https:\/\/coalicionlaica.org.ar\/cael\/wp-json\/wp\/v2\/media?parent=8"}],"curies":[{"name":"wp","href":"https:\/\/api.w.org\/{rel}","templated":true}]}}