{"id":159,"date":"2018-09-10T16:32:34","date_gmt":"2018-09-10T16:32:34","guid":{"rendered":"https:\/\/coalicionlaica.org.ar\/cael\/?page_id=159"},"modified":"2018-09-20T14:22:33","modified_gmt":"2018-09-20T14:22:33","slug":"multimedia","status":"publish","type":"page","link":"https:\/\/coalicionlaica.org.ar\/cael\/multimedia\/","title":{"rendered":"Multimedia"},"content":{"rendered":"<p><iframe loading=\"lazy\" title=\"ESTADO LAICO Iguales en la diversidad\" width=\"660\" height=\"371\" src=\"https:\/\/www.youtube.com\/embed\/83kKVJaYml0?feature=oembed\" frameborder=\"0\" allow=\"accelerometer; autoplay; clipboard-write; encrypted-media; gyroscope; picture-in-picture; web-share\" referrerpolicy=\"strict-origin-when-cross-origin\" allowfullscreen><\/iframe><\/p>\n<p><strong>ESTADO LAICO &#8211; Iguales en la Diversidad<\/strong>, un medio metraje producido por la <strong>Coalici\u00f3n Argentina por un Estado Laico<\/strong> y <a href=\"http:\/\/catolicas.org.ar\/\"><strong>Cat\u00f3licas por el Derecho a Decidir Argentina<\/strong><\/a>. C\u00e1mara y edici\u00f3n <a href=\"https:\/\/www.youtube.com\/channel\/UCbAKryotJkbJgvjN9Ghratg\"><strong>Activismo Audiovisual<\/strong><\/a><\/p>\n<p><strong>ESTADO LAICO &#8211; Iguales en la diversidad<\/strong>, un medio metraje producido por la <strong>Coalici\u00f3n Argentina por un Estado Laico<\/strong> y <a href=\"http:\/\/catolicas.org.ar\/\"><strong>Cat\u00f3licas por el Derecho a Decidir Argentina<\/strong><\/a>. C\u00e1mara y edici\u00f3n <a href=\"https:\/\/www.youtube.com\/channel\/UCbAKryotJkbJgvjN9Ghratg\"><strong>Activismo Audiovisual<\/strong><\/a><\/p>\n<p>&nbsp;<\/p>\n","protected":false},"excerpt":{"rendered":"<p>ESTADO LAICO &#8211; Iguales en la Diversidad, un medio metraje producido por la Coalici\u00f3n Argentina por un Estado Laico y Cat\u00f3licas por el Derecho a Decidir Argentina. C\u00e1mara y edici\u00f3n Activismo Audiovisual ESTADO LAICO &#8211; Iguales en la diversidad, un medio metraje producido por la Coalici\u00f3n Argentina por un Estado Laico y Cat\u00f3licas por el &hellip; <a href=\"https:\/\/coalicionlaica.org.ar\/cael\/multimedia\/\" class=\"more-link\">Sigue leyendo <span class=\"screen-reader-text\">Multimedia<\/span><\/a><\/p>\n","protected":false},"author":1,"featured_media":0,"parent":0,"menu_order":0,"comment_status":"closed","ping_status":"closed","template":"","meta":{"footnotes":""},"class_list":["post-159","page","type-page","status-publish","hentry"],"_links":{"self":[{"href":"https:\/\/coalicionlaica.org.ar\/cael\/wp-json\/wp\/v2\/pages\/159","targetHints":{"allow":["GET"]}}],"collection":[{"href":"https:\/\/coalicionlaica.org.ar\/cael\/wp-json\/wp\/v2\/pages"}],"about":[{"href":"https:\/\/coalicionlaica.org.ar\/cael\/wp-json\/wp\/v2\/types\/page"}],"author":[{"embeddable":true,"href":"https:\/\/coalicionlaica.org.ar\/cael\/wp-json\/wp\/v2\/users\/1"}],"replies":[{"embeddable":true,"href":"https:\/\/coalicionlaica.org.ar\/cael\/wp-json\/wp\/v2\/comments?post=159"}],"version-history":[{"count":3,"href":"https:\/\/coalicionlaica.org.ar\/cael\/wp-json\/wp\/v2\/pages\/159\/revisions"}],"predecessor-version":[{"id":170,"href":"https:\/\/coalicionlaica.org.ar\/cael\/wp-json\/wp\/v2\/pages\/159\/revisions\/170"}],"wp:attachment":[{"href":"https:\/\/coalicionlaica.org.ar\/cael\/wp-json\/wp\/v2\/media?parent=159"}],"curies":[{"name":"wp","href":"https:\/\/api.w.org\/{rel}","templated":true}]}}