{"id":141,"date":"2018-08-20T23:41:14","date_gmt":"2018-08-20T23:41:14","guid":{"rendered":"https:\/\/coalicionlaica.org.ar\/cael\/?page_id=141"},"modified":"2020-09-30T01:21:02","modified_gmt":"2020-09-30T01:21:02","slug":"cael-en-los-medios","status":"publish","type":"page","link":"https:\/\/coalicionlaica.org.ar\/cael\/cael-en-los-medios\/","title":{"rendered":"CAEL en los medios"},"content":{"rendered":"\n<h2 class=\"wp-block-heading\">Argentina<\/h2>\n\n\n\n<div class=\"wp-block-media-text alignwide has-media-on-the-right is-stacked-on-mobile is-vertically-aligned-top\"><figure class=\"wp-block-media-text__media\"><img loading=\"lazy\" decoding=\"async\" width=\"374\" height=\"250\" src=\"https:\/\/coalicionlaica.org.ar\/cael\/wp-content\/uploads\/2020\/09\/Pao_Teysseire.png\" alt=\"\" class=\"wp-image-196\" srcset=\"https:\/\/coalicionlaica.org.ar\/cael\/wp-content\/uploads\/2020\/09\/Pao_Teysseire.png 374w, https:\/\/coalicionlaica.org.ar\/cael\/wp-content\/uploads\/2020\/09\/Pao_Teysseire-300x201.png 300w\" sizes=\"auto, (max-width: 374px) 100vw, 374px\" \/><\/figure><div class=\"wp-block-media-text__content\">\n<h6 class=\"wp-block-heading\">La Direcci\u00f3n de Protecci\u00f3n de Datos Personales intim\u00f3 al Arzobispado de Buenos Aires, al Obispado de San Justo y a una parroquia<\/h6>\n\n\n\n<p>Hab\u00eda completado el tr\u00e1mite de apostas\u00eda hace una d\u00e9cada pero sus datos no fueron borrados de los registros eclesiales y considera que lo perjudica personalmente. Sufri\u00f3 el despido de una c\u00e1tedra de la Universidad del Salvador en la que llevaba una d\u00e9cada, por figurar en esa lista.\u00a0Por <a href=\"https:\/\/www.pagina12.com.ar\/autores\/887-mariana-carbajal\">Mariana Carbajal<\/a><\/p>\n\n\n\n<p><a href=\"https:\/\/www.pagina12.com.ar\/295576-orden-inedita-de-habeas-data-para-una-persona-que-apostato\">https:\/\/www.pagina12.com.ar\/295576-orden-inedita-de-habeas-data-para-una-persona-que-apostato<\/a><\/p>\n<\/div><\/div>\n\n\n<p>\u00a0<\/p>\n<table width=\"100%\">\n<tbody>\n<tr>\n<td width=\"50%\">\n<div class=\" content_cards_card content_cards_domain_www-lanacion-com-ar\">\n\t\t\t<div class=\"content_cards_image\">\n\t\t\t\t<a class=\"content_cards_image_link\" href=\"https:\/\/www.lanacion.com.ar\/2163705-apostasia-colectiva-iglesia\" target=\"_blank\">\n\t\t\t\t\t<img decoding=\"async\" src=\"https:\/\/arc-static.glanacion.com\/pf\/resources\/images\/placeholderLN-1200x630.png?d=2000\" alt=\"\">\t\t\t\t<\/a>\n\t\t<\/div>\n\t\n\t<div class=\"content_cards_title\">\n\t\t<a class=\"content_cards_title_link\" href=\"https:\/\/www.lanacion.com.ar\/2163705-apostasia-colectiva-iglesia\" target=\"_blank\">\n\t\t\t\t\t<\/a>\n\t<\/div>\n\t<div class=\"content_cards_description\">\n\t\t<a class=\"content_cards_description_link\" href=\"https:\/\/www.lanacion.com.ar\/2163705-apostasia-colectiva-iglesia\" target=\"_blank\">\n\t\t\t<p>LA NACION ofrece las \u00faltimas noticias, fotos y videos de la Argentina y el mundo. Pol\u00edtica, econom\u00eda, deportes y toda la informaci\u00f3n en tiempo real.<\/p>\n\t\t<\/a>\n\t<\/div>\n\t<div class=\"content_cards_site_name\">\n\t\t<img decoding=\"async\" src=\"https:\/\/www.lanacion.com.ar\/pf\/resources\/images\/favicon.ico?d=2000\" alt=\"LA NACION\" class=\"content_cards_favicon\"\/>\t\tLA NACION\t<\/div>\n<\/div>\n<p>\u00a0<\/p>\n<div class=\" content_cards_card content_cards_domain_www-clarin-com\">\n\t\t\t<div class=\"content_cards_image\">\n\t\t\t\t<a class=\"content_cards_image_link\" href=\"https:\/\/www.clarin.com\/sociedad\/separacion-iglesia-multiplican-consultas-tramite-apostasia_0_r1rSY2rLQ.html\" target=\"_blank\">\n\t\t\t\t\t<img decoding=\"async\" src=\"https:\/\/www.clarin.com\/img\/2018\/08\/18\/B1lqnkLIm_1256x620__1.jpg\" alt=\"Apostas\u00eda: nuevas marchas para renunciar a la Iglesia Cat\u00f3lica y reclamar su separaci\u00f3n del Estado\">\t\t\t\t<\/a>\n\t\t<\/div>\n\t\n\t<div class=\"content_cards_title\">\n\t\t<a class=\"content_cards_title_link\" href=\"https:\/\/www.clarin.com\/sociedad\/separacion-iglesia-multiplican-consultas-tramite-apostasia_0_r1rSY2rLQ.html\" target=\"_blank\">\n\t\t\tApostas\u00eda: nuevas marchas para renunciar a la Iglesia Cat\u00f3lica y reclamar su separaci\u00f3n del Estado\t\t<\/a>\n\t<\/div>\n\t<div class=\"content_cards_description\">\n\t\t<a class=\"content_cards_description_link\" href=\"https:\/\/www.clarin.com\/sociedad\/separacion-iglesia-multiplican-consultas-tramite-apostasia_0_r1rSY2rLQ.html\" target=\"_blank\">\n\t\t\t<p>Distintas agrupaciones convocaron a los cat\u00f3licos a presentar cartas de dimisi\u00f3n. Para la Iglesia, no tienen validez.<\/p>\n\t\t<\/a>\n\t<\/div>\n\t<div class=\"content_cards_site_name\">\n\t\t<img decoding=\"async\" src=\"https:\/\/www.clarin.com\/android-icon-192x192.png\" alt=\"Clar\u00edn\" class=\"content_cards_favicon\"\/>\t\tClar\u00edn\t<\/div>\n<\/div>\n<div class=\" content_cards_card content_cards_domain_www-infobae-com\">\n\t\t\t<div class=\"content_cards_image\">\n\t\t\t\t<a class=\"content_cards_image_link\" href=\"https:\/\/www.infobae.com\/sociedad\/2018\/08\/08\/apostasia-colectiva-largas-filas-en-el-lado-verde-para-renunciar-a-la-iglesia-catolica\/\" target=\"_blank\">\n\t\t\t\t\t<img decoding=\"async\" src=\"https:\/\/www.infobae.com\/resizer\/v2\/https%3A%2F%2Fs3.amazonaws.com%2Farc-wordpress-client-uploads%2Finfobae-wp%2Fwp-content%2Fuploads%2F2018%2F08%2F08160548%2Fapostasia-colectiva-marcha-aborto-3.jpeg?auth=d9c3f62c52b82e7e90a3e15e24cf830b9db69f8312881104537d0cfb4ed7c42d&#038;smart=true&#038;width=1200&#038;height=630&#038;quality=85\" alt=\"Apostas\u00eda colectiva: largas filas en el lado verde para renunciar a la Iglesia Cat\u00f3lica\">\t\t\t\t<\/a>\n\t\t<\/div>\n\t\n\t<div class=\"content_cards_title\">\n\t\t<a class=\"content_cards_title_link\" href=\"https:\/\/www.infobae.com\/sociedad\/2018\/08\/08\/apostasia-colectiva-largas-filas-en-el-lado-verde-para-renunciar-a-la-iglesia-catolica\/\" target=\"_blank\">\n\t\t\tApostas\u00eda colectiva: largas filas en el lado verde para renunciar a la Iglesia Cat\u00f3lica\t\t<\/a>\n\t<\/div>\n\t<div class=\"content_cards_description\">\n\t\t<a class=\"content_cards_description_link\" href=\"https:\/\/www.infobae.com\/sociedad\/2018\/08\/08\/apostasia-colectiva-largas-filas-en-el-lado-verde-para-renunciar-a-la-iglesia-catolica\/\" target=\"_blank\">\n\t\t\t<p>Muchas personas que fueron a manifestarse en favor del aborto firmaron las planillas que llev\u00f3 la Coalici\u00f3n Argentina por un Estado Laico (CAEL) para desafiliarse del credo<\/p>\n\t\t<\/a>\n\t<\/div>\n\t<div class=\"content_cards_site_name\">\n\t\t<img decoding=\"async\" src=\"https:\/\/www.infobae.com\/pf\/resources\/favicon\/favicon-32x32.png?d=4014\" alt=\"infobae\" class=\"content_cards_favicon\"\/>\t\tinfobae\t<\/div>\n<\/div>\n<div class=\" content_cards_card content_cards_domain_www-unoentrerios-com-ar\">\n\t\t\t<div class=\"content_cards_image\">\n\t\t\t\t<a class=\"content_cards_image_link\" href=\"https:\/\/www.unoentrerios.com.ar\/se-realizo-otra-apostasia-colectiva-renunciar-la-iglesia-catolica-n1661617.html\" target=\"_blank\">\n\t\t\t\t\t<img decoding=\"async\" src=\"https:\/\/media.lacapital.com.ar\/p\/e8e59cad8ba1a328e95c8f0e0d565d7b\/adjuntos\/205\/imagenes\/024\/283\/0024283365\/1200x675\/smart\/apostasiacolectivajpg.jpg\" alt=\"Se realiz\u00f3 otra Apostas\u00eda Colectiva para renunciar a la Iglesia cat\u00f3lica\">\t\t\t\t<\/a>\n\t\t<\/div>\n\t\n\t<div class=\"content_cards_title\">\n\t\t<a class=\"content_cards_title_link\" href=\"https:\/\/www.unoentrerios.com.ar\/se-realizo-otra-apostasia-colectiva-renunciar-la-iglesia-catolica-n1661617.html\" target=\"_blank\">\n\t\t\tSe realiz\u00f3 otra Apostas\u00eda Colectiva para renunciar a la Iglesia cat\u00f3lica\t\t<\/a>\n\t<\/div>\n\t<div class=\"content_cards_description\">\n\t\t<a class=\"content_cards_description_link\" href=\"https:\/\/www.unoentrerios.com.ar\/se-realizo-otra-apostasia-colectiva-renunciar-la-iglesia-catolica-n1661617.html\" target=\"_blank\">\n\t\t\t<p>Se trata de la segunda campa\u00f1a lanzada por las redes sociales, en el marco del descontento por la ley de aborto que se fren\u00f3 en el Congreso de la Naci\u00f3n.<\/p>\n\t\t<\/a>\n\t<\/div>\n\t<div class=\"content_cards_site_name\">\n\t\t<img decoding=\"async\" src=\"https:\/\/www.unoentrerios.com.ar\/css-custom\/205\/favicons\/favicon-16x16.png\" alt=\"Uno Entre Rios\" class=\"content_cards_favicon\"\/>\t\tUno Entre Rios\t<\/div>\n<\/div>\n<\/td>\n<td>\n<div class=\" content_cards_card content_cards_domain_www-pagina12-com-ar\">\n\t\t\t<div class=\"content_cards_image\">\n\t\t\t\t<a class=\"content_cards_image_link\" href=\"https:\/\/www.pagina12.com.ar\/136265-la-fiesta-de-la-apostasia\" target=\"_blank\">\n\t\t\t\t\t<img decoding=\"async\" src=\"https:\/\/www.pagina12.com.ar\/resizer\/v2\/GUZDGYZRHBSDIMDFGA3TOYZWGY.jpg?smart=true&#038;auth=07aaec5814dc2a0ab152bb00d25e6c7002232ca0756dafd19c07863df20c55c6&#038;width=1200&#038;height=630\" alt=\"La fiesta de la apostas\u00eda\">\t\t\t\t<\/a>\n\t\t<\/div>\n\t\n\t<div class=\"content_cards_title\">\n\t\t<a class=\"content_cards_title_link\" href=\"https:\/\/www.pagina12.com.ar\/136265-la-fiesta-de-la-apostasia\" target=\"_blank\">\n\t\t\tLa fiesta de la apostas\u00eda\t\t<\/a>\n\t<\/div>\n\t<div class=\"content_cards_description\">\n\t\t<a class=\"content_cards_description_link\" href=\"https:\/\/www.pagina12.com.ar\/136265-la-fiesta-de-la-apostasia\" target=\"_blank\">\n\t\t\t<p>Por rechazo a la postura de la Iglesia respecto de la legalizaci\u00f3n del aborto, muchos cat\u00f3licos tomaron la decisi\u00f3n de apostatar. Y hacen del acto personal una celebraci\u00f3n colectiva de libertad y autoafirmaci\u00f3n.<\/p>\n\t\t<\/a>\n\t<\/div>\n\t<div class=\"content_cards_site_name\">\n\t\t<img decoding=\"async\" src=\"https:\/\/www.pagina12.com.ar\/pf\/resources\/favicon-v3.ico?d=96&#038;mxId=00000000\" alt=\"P\u00e1gina|12\" class=\"content_cards_favicon\"\/>\t\tP\u00e1gina|12\t<\/div>\n<\/div>\n<p>\u00a0<\/p>\n<div class=\" content_cards_card content_cards_domain_www-pagina12-com-ar\">\n\t\t\t<div class=\"content_cards_image\">\n\t\t\t\t<a class=\"content_cards_image_link\" href=\"https:\/\/www.pagina12.com.ar\/136206-el-tramite-para-abandonar-la-iglesia\" target=\"_blank\">\n\t\t\t\t\t<img decoding=\"async\" src=\"https:\/\/www.pagina12.com.ar\/resizer\/v2\/GMZDOM3DME4TIMLCME3TCN3GGY.jpg?smart=true&#038;auth=36316f4e34b0105e03dcd410f1d89443e9da5bfc91e57b5b9ecb99f47082b42e&#038;width=1200&#038;height=630\" alt=\"El tr\u00e1mite para abandonar la Iglesia\">\t\t\t\t<\/a>\n\t\t<\/div>\n\t\n\t<div class=\"content_cards_title\">\n\t\t<a class=\"content_cards_title_link\" href=\"https:\/\/www.pagina12.com.ar\/136206-el-tramite-para-abandonar-la-iglesia\" target=\"_blank\">\n\t\t\tEl tr\u00e1mite para abandonar la Iglesia\t\t<\/a>\n\t<\/div>\n\t<div class=\"content_cards_description\">\n\t\t<a class=\"content_cards_description_link\" href=\"https:\/\/www.pagina12.com.ar\/136206-el-tramite-para-abandonar-la-iglesia\" target=\"_blank\">\n\t\t\t<p>El mismo 8 de Agosto, una joven que se hab\u00eda puesto en contacto con Apostas\u00eda Colectiva llev\u00f3 formularios a Humanidades y recibi\u00f3 pedidos que llev\u00f3 al Arzobispado. Para el s\u00e1bado pr\u00f3ximo organizan acci\u00f3n colectiva en Rosario.<\/p>\n\t\t<\/a>\n\t<\/div>\n\t<div class=\"content_cards_site_name\">\n\t\t<img decoding=\"async\" src=\"https:\/\/www.pagina12.com.ar\/pf\/resources\/favicon-v3.ico?d=96&#038;mxId=00000000\" alt=\"P\u00e1gina|12\" class=\"content_cards_favicon\"\/>\t\tP\u00e1gina|12\t<\/div>\n<\/div>\n<div class=\" content_cards_card content_cards_domain_www-minutouno-com\">\n\t\t\t<div class=\"content_cards_image\">\n\t\t\t\t<a class=\"content_cards_image_link\" href=\"https:\/\/www.minutouno.com\/notas\/3084845-apostasia-las-monjas-estan-cansadas-del-machismo-la-iglesia\" target=\"_blank\">\n\t\t\t\t\t<img decoding=\"async\" src=\"https:\/\/media.minutouno.com\/p\/8686183d39fd66c13cb3f28db6d40476\/adjuntos\/150\/imagenes\/029\/361\/0029361533\/1200x675\/smart\/apostasia.jpg\" alt=\"Apostas\u00eda: \u201cLas monjas est\u00e1n cansadas del machismo de la Iglesia\u201d\">\t\t\t\t<\/a>\n\t\t<\/div>\n\t\n\t<div class=\"content_cards_title\">\n\t\t<a class=\"content_cards_title_link\" href=\"https:\/\/www.minutouno.com\/notas\/3084845-apostasia-las-monjas-estan-cansadas-del-machismo-la-iglesia\" target=\"_blank\">\n\t\t\tApostas\u00eda: \u201cLas monjas est\u00e1n cansadas del machismo de la Iglesia\u201d\t\t<\/a>\n\t<\/div>\n\t<div class=\"content_cards_description\">\n\t\t<a class=\"content_cards_description_link\" href=\"https:\/\/www.minutouno.com\/notas\/3084845-apostasia-las-monjas-estan-cansadas-del-machismo-la-iglesia\" target=\"_blank\">\n\t\t\t<p>As\u00ed lo asegur\u00f3 Anal\u00eda M\u00e1s, de la Coalici\u00f3n Argentina por un Estado Laico (CAEL), quien promueve la apostas\u00eda colectiva. Miles de personas iniciaron sus tr\u00e1mites.<\/p>\n\t\t<\/a>\n\t<\/div>\n\t<div class=\"content_cards_site_name\">\n\t\t<img decoding=\"async\" src=\"https:\/\/www.minutouno.com\/css-custom\/150\/images\/favicon\/android-icon-192x192.png\" alt=\"Minuto Uno\" class=\"content_cards_favicon\"\/>\t\tMinuto Uno\t<\/div>\n<\/div>\n<p>Ver <a href=\"https:\/\/www.google.com.ar\/search?q=%22coalicion+argentina+por+un+estado+laico%22\">m\u00e1s noticias de CAEL<\/a><\/p>\n<\/td>\n<\/tr>\n<\/tbody>\n<\/table>\n<p>\u00a0<\/p>\n<table>\n<tbody>\n<tr>\n<td width=\"50%\">\n<h3>Estados Unidos<\/h3>\n<div class=\" content_cards_card content_cards_domain_www-nytimes-com\">\n\t\t\t<div class=\"content_cards_image\">\n\t\t\t\t<a class=\"content_cards_image_link\" href=\"https:\/\/www.nytimes.com\/aponline\/2018\/08\/18\/world\/americas\/ap-lt-argentina-losing-religion.html\" target=\"_blank\">\n\t\t\t\t\t<img decoding=\"async\" src=\"https:\/\/coalicionlaica.org.ar\/cael\/wp-content\/plugins\/content-cards\/skins\/default\/content-cards-placeholder.png\" alt=\"Page No Longer Available - The New York Times\">\t\t\t\t<\/a>\n\t\t<\/div>\n\t\n\t<div class=\"content_cards_title\">\n\t\t<a class=\"content_cards_title_link\" href=\"https:\/\/www.nytimes.com\/aponline\/2018\/08\/18\/world\/americas\/ap-lt-argentina-losing-religion.html\" target=\"_blank\">\n\t\t\tPage No Longer Available - The New York Times\t\t<\/a>\n\t<\/div>\n\t<div class=\"content_cards_description\">\n\t\t<a class=\"content_cards_description_link\" href=\"https:\/\/www.nytimes.com\/aponline\/2018\/08\/18\/world\/americas\/ap-lt-argentina-losing-religion.html\" target=\"_blank\">\n\t\t\t\t\t<\/a>\n\t<\/div>\n\t<div class=\"content_cards_site_name\">\n\t\t<img decoding=\"async\" src=\"https:\/\/www.nytimes.com\/vi-assets\/static-assets\/favicon-d2483f10ef688e6f89e23806b9700298.ico\" alt=\"www.nytimes.com\" class=\"content_cards_favicon\"\/>\t\twww.nytimes.com\t<\/div>\n<\/div>\n<h3><span style=\"color: #000000;\"><strong>Italia<\/strong><\/span><\/h3>\n<div class=\" content_cards_card content_cards_domain_video-corriere-it\">\n\t\t\t<div class=\"content_cards_image\">\n\t\t\t\t<a class=\"content_cards_image_link\" href=\"https:\/\/video.corriere.it\/aborto-argentina-fondatrice-madri-plaza-de-mayo-contro-chiesa-rinuncio-simboli-religiosi\/5a1bc4c0-a381-11e8-9b60-adccaa96935d\" target=\"_blank\">\n\t\t\t\t\t<img decoding=\"async\" src=\"https:\/\/images2.corriereobjects.it\/methode_image\/Video\/2018\/08\/19\/Esteri\/Foto%20Esteri%20-%20Trattate\/aborto_in_argentina_fondatrice_madri_di_plaza_de_mayo_contro_la_chiesa_rinuncio_ai_simboli_religiosi____ap___98324_640_ori_crop_master__0x0_640x360.jpg\" alt=\"Aborto in Argentina, fondatrice Madri di Plaza de Mayo contro la Chiesa: \u00abRinuncio ai simboli religiosi\u00bb\">\t\t\t\t<\/a>\n\t\t<\/div>\n\t\n\t<div class=\"content_cards_title\">\n\t\t<a class=\"content_cards_title_link\" href=\"https:\/\/video.corriere.it\/aborto-argentina-fondatrice-madri-plaza-de-mayo-contro-chiesa-rinuncio-simboli-religiosi\/5a1bc4c0-a381-11e8-9b60-adccaa96935d\" target=\"_blank\">\n\t\t\tAborto in Argentina, fondatrice Madri di Plaza de Mayo contro la Chiesa: \u00abRinuncio ai simboli religiosi\u00bb\t\t<\/a>\n\t<\/div>\n\t<div class=\"content_cards_description\">\n\t\t<a class=\"content_cards_description_link\" href=\"https:\/\/video.corriere.it\/aborto-argentina-fondatrice-madri-plaza-de-mayo-contro-chiesa-rinuncio-simboli-religiosi\/5a1bc4c0-a381-11e8-9b60-adccaa96935d\" target=\"_blank\">\n\t\t\t<p>Nora Corti\u00f1as contro i cattolici, che hanno impedito la legalizzazione dell'interruzione di gravidanza | LaPresse - CorriereTv<\/p>\n\t\t<\/a>\n\t<\/div>\n\t<div class=\"content_cards_site_name\">\n\t\t<img decoding=\"async\" src=\"https:\/\/components2.corriereobjects.it\/rcs_cor_corriere-layout\/v2\/assets\/img\/ext\/favicon\/favicon.ico?v1\" alt=\"video.corriere.it\" class=\"content_cards_favicon\"\/>\t\tvideo.corriere.it\t<\/div>\n<\/div>\n<h3>Nueva Zelanda<\/h3>\n<div class=\" content_cards_card content_cards_domain_www-stuff-co-nz\">\n\t\t\t<div class=\"content_cards_image\">\n\t\t\t\t<a class=\"content_cards_image_link\" href=\"https:\/\/www.stuff.co.nz\/world\/americas\/106395755\/movement-encourages-argentines-to-quit-catholic-church\" target=\"_blank\">\n\t\t\t\t\t<img decoding=\"async\" src=\"https:\/\/coalicionlaica.org.ar\/cael\/wp-content\/plugins\/content-cards\/skins\/default\/content-cards-placeholder.png\" alt=\"Stuff: Latest breaking news | New Zealand\">\t\t\t\t<\/a>\n\t\t<\/div>\n\t\n\t<div class=\"content_cards_title\">\n\t\t<a class=\"content_cards_title_link\" href=\"https:\/\/www.stuff.co.nz\/world\/americas\/106395755\/movement-encourages-argentines-to-quit-catholic-church\" target=\"_blank\">\n\t\t\tStuff: Latest breaking news | New Zealand\t\t<\/a>\n\t<\/div>\n\t<div class=\"content_cards_description\">\n\t\t<a class=\"content_cards_description_link\" href=\"https:\/\/www.stuff.co.nz\/world\/americas\/106395755\/movement-encourages-argentines-to-quit-catholic-church\" target=\"_blank\">\n\t\t\t\t\t<\/a>\n\t<\/div>\n\t<div class=\"content_cards_site_name\">\n\t\t<img decoding=\"async\" src=\"https:\/\/www.stuff.co.nz\/assets\/icon\/Favicon-Stuff-192x192.png\" alt=\"www.stuff.co.nz\" class=\"content_cards_favicon\"\/>\t\twww.stuff.co.nz\t<\/div>\n<\/div>\n<h3>Venezuela<\/h3>\n<div class=\" content_cards_card content_cards_domain_www-telesurtv-net\">\n\t\t\t<div class=\"content_cards_image\">\n\t\t\t\t<a class=\"content_cards_image_link\" href=\"https:\/\/www.telesurtv.net\/news\/argentinos-renuncian-a-iglesia-catolica-senado-aborto-apostasia-20180812-0045.html\" target=\"_blank\">\n\t\t\t\t\t<img decoding=\"async\" src=\"https:\/\/coalicionlaica.org.ar\/cael\/wp-content\/plugins\/content-cards\/skins\/default\/content-cards-placeholder.png\" alt=\"Page Not Found - teleSUR\">\t\t\t\t<\/a>\n\t\t<\/div>\n\t\n\t<div class=\"content_cards_title\">\n\t\t<a class=\"content_cards_title_link\" href=\"https:\/\/www.telesurtv.net\/news\/argentinos-renuncian-a-iglesia-catolica-senado-aborto-apostasia-20180812-0045.html\" target=\"_blank\">\n\t\t\tPage Not Found - teleSUR\t\t<\/a>\n\t<\/div>\n\t<div class=\"content_cards_description\">\n\t\t<a class=\"content_cards_description_link\" href=\"https:\/\/www.telesurtv.net\/news\/argentinos-renuncian-a-iglesia-catolica-senado-aborto-apostasia-20180812-0045.html\" target=\"_blank\">\n\t\t\t<p>teleSUR<\/p>\n\t\t<\/a>\n\t<\/div>\n\t<div class=\"content_cards_site_name\">\n\t\t<img decoding=\"async\" src=\"https:\/\/www.telesurtv.net\/content\/themes\/telesur\/dist\/assets\/img\/favicon.png\" alt=\"teleSUR\" class=\"content_cards_favicon\"\/>\t\tteleSUR\t<\/div>\n<\/div>\n<\/td>\n<td>\n<h3>Alemania<\/h3>\n<div class=\" content_cards_card content_cards_domain_www-dw-com\">\n\t\t\t<div class=\"content_cards_image\">\n\t\t\t\t<a class=\"content_cards_image_link\" href=\"https:\/\/www.dw.com\/es\/reclaman-estado-laico-en-argentina\/av-45137017\" target=\"_blank\">\n\t\t\t\t\t<img decoding=\"async\" src=\"https:\/\/coalicionlaica.org.ar\/cael\/wp-content\/plugins\/content-cards\/skins\/default\/content-cards-placeholder.png\" alt=\"\">\t\t\t\t<\/a>\n\t\t<\/div>\n\t\n\t<div class=\"content_cards_title\">\n\t\t<a class=\"content_cards_title_link\" href=\"https:\/\/www.dw.com\/es\/reclaman-estado-laico-en-argentina\/av-45137017\" target=\"_blank\">\n\t\t\t\t\t<\/a>\n\t<\/div>\n\t<div class=\"content_cards_description\">\n\t\t<a class=\"content_cards_description_link\" href=\"https:\/\/www.dw.com\/es\/reclaman-estado-laico-en-argentina\/av-45137017\" target=\"_blank\">\n\t\t\t\t\t<\/a>\n\t<\/div>\n\t<div class=\"content_cards_site_name\">\n\t\t<img decoding=\"async\" src=\"https:\/\/www.dw.com\/images\/icons\/favicon-16x16.png\" alt=\"dw.com\" class=\"content_cards_favicon\"\/>\t\tdw.com\t<\/div>\n<\/div>\n<h3>Bulgaria<\/h3>\n<div class=\" content_cards_card content_cards_domain_www-bta-bg\">\n\t\t\t<div class=\"content_cards_image\">\n\t\t\t\t<a class=\"content_cards_image_link\" href=\"http:\/\/www.bta.bg\/en\/gallery\/image\/5135749\" target=\"_blank\">\n\t\t\t\t\t<img decoding=\"async\" src=\"https:\/\/coalicionlaica.org.ar\/cael\/wp-content\/plugins\/content-cards\/skins\/default\/content-cards-placeholder.png\" alt=\"BTA :: 404\">\t\t\t\t<\/a>\n\t\t<\/div>\n\t\n\t<div class=\"content_cards_title\">\n\t\t<a class=\"content_cards_title_link\" href=\"http:\/\/www.bta.bg\/en\/gallery\/image\/5135749\" target=\"_blank\">\n\t\t\tBTA :: 404\t\t<\/a>\n\t<\/div>\n\t<div class=\"content_cards_description\">\n\t\t<a class=\"content_cards_description_link\" href=\"http:\/\/www.bta.bg\/en\/gallery\/image\/5135749\" target=\"_blank\">\n\t\t\t\t\t<\/a>\n\t<\/div>\n\t<div class=\"content_cards_site_name\">\n\t\t<img decoding=\"async\" src=\"http:\/\/www.bta.bg\/favicon.ico\" alt=\"www.bta.bg\" class=\"content_cards_favicon\"\/>\t\twww.bta.bg\t<\/div>\n<\/div>\n<h3>Rusia<\/h3>\n<div class=\" content_cards_card content_cards_domain_actualidad-rt-com\">\n\t\t\t<div class=\"content_cards_image\">\n\t\t\t\t<a class=\"content_cards_image_link\" href=\"https:\/\/actualidad.rt.com\/actualidad\/284540-argentina-miles-desafilian-iglesia-catolica-aborto\" target=\"_blank\">\n\t\t\t\t\t<img decoding=\"async\" src=\"https:\/\/mfes.b37m.ru\/actualidad\/public_images\/2018.08\/article\/5b6c8e4308f3d9d47c8b4569.jpg\" alt=\"Miles de argentinos hacen largas filas para renunciar a la Iglesia cat\u00f3lica\">\t\t\t\t<\/a>\n\t\t<\/div>\n\t\n\t<div class=\"content_cards_title\">\n\t\t<a class=\"content_cards_title_link\" href=\"https:\/\/actualidad.rt.com\/actualidad\/284540-argentina-miles-desafilian-iglesia-catolica-aborto\" target=\"_blank\">\n\t\t\tMiles de argentinos hacen largas filas para renunciar a la Iglesia cat\u00f3lica\t\t<\/a>\n\t<\/div>\n\t<div class=\"content_cards_description\">\n\t\t<a class=\"content_cards_description_link\" href=\"https:\/\/actualidad.rt.com\/actualidad\/284540-argentina-miles-desafilian-iglesia-catolica-aborto\" target=\"_blank\">\n\t\t\t<p>La Coalici\u00f3n Argentina por un Estado Laico (CAEL) convoc\u00f3 esta apostas\u00eda colectiva mientras el Senado de ese pa\u00eds votaba la legalizaci\u00f3n del aborto.<\/p>\n\t\t<\/a>\n\t<\/div>\n\t<div class=\"content_cards_site_name\">\n\t\t<img decoding=\"async\" src=\"https:\/\/actualidad.rt.com\/favicon.ico\" alt=\"RT en Espa\u00f1ol\" class=\"content_cards_favicon\"\/>\t\tRT en Espa\u00f1ol\t<\/div>\n<\/div>\n<h3>Cuba<\/h3>\n<div class=\" content_cards_card content_cards_domain_www-granma-cu\">\n\t\t\t<div class=\"content_cards_image\">\n\t\t\t\t<a class=\"content_cards_image_link\" href=\"http:\/\/www.granma.cu\/hilo-directo\/2018-08-10\/evo-morales-y-fidelataque-saudiargentina-y-la-iglesia-catolica-y-trump-10-08-2018-20-08-01\" target=\"_blank\">\n\t\t\t\t\t<img decoding=\"async\" src=\"https:\/\/www.granma.cu\/\/file\/img\/2018\/08\/medium\/f0117487.jpg\" alt=\"Evo Morales y Fidel;Ataque Saud\u00ed;Argentina y la iglesia cat\u00f3lica y Trump\">\t\t\t\t<\/a>\n\t\t<\/div>\n\t\n\t<div class=\"content_cards_title\">\n\t\t<a class=\"content_cards_title_link\" href=\"http:\/\/www.granma.cu\/hilo-directo\/2018-08-10\/evo-morales-y-fidelataque-saudiargentina-y-la-iglesia-catolica-y-trump-10-08-2018-20-08-01\" target=\"_blank\">\n\t\t\tEvo Morales y Fidel;Ataque Saud\u00ed;Argentina y la iglesia cat\u00f3lica y Trump\t\t<\/a>\n\t<\/div>\n\t<div class=\"content_cards_description\">\n\t\t<a class=\"content_cards_description_link\" href=\"http:\/\/www.granma.cu\/hilo-directo\/2018-08-10\/evo-morales-y-fidelataque-saudiargentina-y-la-iglesia-catolica-y-trump-10-08-2018-20-08-01\" target=\"_blank\">\n\t\t\t<p>El presidente de Bolivia, Evo Morales Ayma, record\u00f3 este viernes el apoyo del l\u00edder hist\u00f3rico de la Revoluci\u00f3n Cubana, Fidel Castro Ruz, a la causa mar\u00edtima disputada contra Chile por una salida al oc\u00e9ano Pac\u00edfico<\/p>\n\t\t<\/a>\n\t<\/div>\n\t<div class=\"content_cards_site_name\">\n\t\t<img decoding=\"async\" src=\"http:\/\/www.granma.cu\/static\/ico\/favicon.png\" alt=\"Granma.cu\" class=\"content_cards_favicon\"\/>\t\tGranma.cu\t<\/div>\n<\/div>\n<h3>Francia<\/h3>\n<div class=\" content_cards_card content_cards_domain_www-rfi-fr\">\n\t\t\t<div class=\"content_cards_image\">\n\t\t\t\t<a class=\"content_cards_image_link\" href=\"http:\/\/www.rfi.fr\/ameriques\/20180819-argentine-centaines-personnes-renoncent-collectivement-foi-catholique\" target=\"_blank\">\n\t\t\t\t\t<img decoding=\"async\" src=\"https:\/\/s.rfi.fr\/media\/display\/d861292e-109a-11ea-a3b9-005056bf7c53\/w:1280\/p:16x9\/apostasia_3_1_0.jpg\" alt=\"Des centaines d\u2019Argentins renoncent collectivement \u00e0 la foi catholique\">\t\t\t\t<\/a>\n\t\t<\/div>\n\t\n\t<div class=\"content_cards_title\">\n\t\t<a class=\"content_cards_title_link\" href=\"http:\/\/www.rfi.fr\/ameriques\/20180819-argentine-centaines-personnes-renoncent-collectivement-foi-catholique\" target=\"_blank\">\n\t\t\tDes centaines d\u2019Argentins renoncent collectivement \u00e0 la foi catholique\t\t<\/a>\n\t<\/div>\n\t<div class=\"content_cards_description\">\n\t\t<a class=\"content_cards_description_link\" href=\"http:\/\/www.rfi.fr\/ameriques\/20180819-argentine-centaines-personnes-renoncent-collectivement-foi-catholique\" target=\"_blank\">\n\t\t\t<p>Dix jours apr\u00e8s le rejet de la l\u00e9galisation de l\u2019IVG par le S\u00e9nat, des centaines d\u2019Argentins ont particip\u00e9 \u00e0 une apostasie collective, appelant de leur voeux la s\u00e9paration de l'\u00c9glise et de l\u2019Etat.<\/p>\n\t\t<\/a>\n\t<\/div>\n\t<div class=\"content_cards_site_name\">\n\t\t<img decoding=\"async\" src=\"http:\/\/www.rfi.fr\/favicon.ico\" alt=\"RFI\" class=\"content_cards_favicon\"\/>\t\tRFI\t<\/div>\n<\/div>\n<h3><strong>M\u00e9xico<\/strong><\/h3>\n<div class=\" content_cards_card content_cards_domain_noticieros-televisa-com\">\n\t\t\t<div class=\"content_cards_image\">\n\t\t\t\t<a class=\"content_cards_image_link\" href=\"https:\/\/noticieros.televisa.com\/historia\/miles-de-argentinos-hacen-fila-para-renunciar-a-la-iglesia-catolica\/\" target=\"_blank\">\n\t\t\t\t\t<img decoding=\"async\" src=\"https:\/\/www.nmas.com.mx\/assets\/Logo\/logo.png\" alt=\"N+: Noticias En Vivo de M\u00e9xico y el Mundo\">\t\t\t\t<\/a>\n\t\t<\/div>\n\t\n\t<div class=\"content_cards_title\">\n\t\t<a class=\"content_cards_title_link\" href=\"https:\/\/noticieros.televisa.com\/historia\/miles-de-argentinos-hacen-fila-para-renunciar-a-la-iglesia-catolica\/\" target=\"_blank\">\n\t\t\tN+: Noticias En Vivo de M\u00e9xico y el Mundo\t\t<\/a>\n\t<\/div>\n\t<div class=\"content_cards_description\">\n\t\t<a class=\"content_cards_description_link\" href=\"https:\/\/noticieros.televisa.com\/historia\/miles-de-argentinos-hacen-fila-para-renunciar-a-la-iglesia-catolica\/\" target=\"_blank\">\n\t\t\t<p>Cobertura y an\u00e1lisis sobre noticias de hoy en M\u00e9xico y el Mundo en pol\u00edtica, salud, deportes, tecnolog\u00eda, ciencia, dinero, clima y m\u00e1s. Noticias de \u00faltima hora en vivo.<\/p>\n\t\t<\/a>\n\t<\/div>\n\t<div class=\"content_cards_site_name\">\n\t\t<img decoding=\"async\" src=\"https:\/\/www.nmas.com.mx\/favicon.ico\" alt=\"N+\" class=\"content_cards_favicon\"\/>\t\tN+\t<\/div>\n<\/div>\n<\/td>\n<\/tr>\n<\/tbody>\n<\/table>\n<p>\u00a0<\/p>","protected":false},"excerpt":{"rendered":"<p>Argentina La Direcci\u00f3n de Protecci\u00f3n de Datos Personales intim\u00f3 al Arzobispado de Buenos Aires, al Obispado de San Justo y a una parroquia Hab\u00eda completado el tr\u00e1mite de apostas\u00eda hace una d\u00e9cada pero sus datos no fueron borrados de los registros eclesiales y considera que lo perjudica personalmente. Sufri\u00f3 el despido de una c\u00e1tedra de &hellip; <a href=\"https:\/\/coalicionlaica.org.ar\/cael\/cael-en-los-medios\/\" class=\"more-link\">Sigue leyendo <span class=\"screen-reader-text\">CAEL en los medios<\/span><\/a><\/p>\n","protected":false},"author":1,"featured_media":0,"parent":0,"menu_order":0,"comment_status":"closed","ping_status":"closed","template":"","meta":{"footnotes":""},"class_list":["post-141","page","type-page","status-publish","hentry"],"_links":{"self":[{"href":"https:\/\/coalicionlaica.org.ar\/cael\/wp-json\/wp\/v2\/pages\/141","targetHints":{"allow":["GET"]}}],"collection":[{"href":"https:\/\/coalicionlaica.org.ar\/cael\/wp-json\/wp\/v2\/pages"}],"about":[{"href":"https:\/\/coalicionlaica.org.ar\/cael\/wp-json\/wp\/v2\/types\/page"}],"author":[{"embeddable":true,"href":"https:\/\/coalicionlaica.org.ar\/cael\/wp-json\/wp\/v2\/users\/1"}],"replies":[{"embeddable":true,"href":"https:\/\/coalicionlaica.org.ar\/cael\/wp-json\/wp\/v2\/comments?post=141"}],"version-history":[{"count":14,"href":"https:\/\/coalicionlaica.org.ar\/cael\/wp-json\/wp\/v2\/pages\/141\/revisions"}],"predecessor-version":[{"id":198,"href":"https:\/\/coalicionlaica.org.ar\/cael\/wp-json\/wp\/v2\/pages\/141\/revisions\/198"}],"wp:attachment":[{"href":"https:\/\/coalicionlaica.org.ar\/cael\/wp-json\/wp\/v2\/media?parent=141"}],"curies":[{"name":"wp","href":"https:\/\/api.w.org\/{rel}","templated":true}]}}